{"id":379,"date":"2025-01-31T14:18:27","date_gmt":"2025-01-31T14:18:27","guid":{"rendered":"https:\/\/naniloft.innovative-lab.de\/?page_id=379"},"modified":"2025-04-09T09:27:07","modified_gmt":"2025-04-09T09:27:07","slug":"heike-koerntgen","status":"publish","type":"page","link":"https:\/\/naniloft.innovative-lab.de\/index.php\/heike-koerntgen\/","title":{"rendered":"Heike K\u00f6rntgen"},"content":{"rendered":"\t\t<div data-elementor-type=\"wp-page\" data-elementor-id=\"379\" class=\"elementor elementor-379\" data-elementor-post-type=\"page\">\n\t\t\t\t<div class=\"elementor-element elementor-element-6e90f9c e-flex e-con-boxed e-con e-parent\" data-id=\"6e90f9c\" data-element_type=\"container\" data-settings=\"{&quot;background_background&quot;:&quot;classic&quot;}\">\n\t\t\t\t\t<div class=\"e-con-inner\">\n\t\t<div class=\"elementor-element elementor-element-8c179e4 e-con-full e-flex e-con e-child\" data-id=\"8c179e4\" data-element_type=\"container\" data-settings=\"{&quot;background_background&quot;:&quot;classic&quot;}\">\n\t\t\t\t<\/div>\n\t\t<div class=\"elementor-element elementor-element-4625d4e e-con-full e-flex e-con e-child\" data-id=\"4625d4e\" data-element_type=\"container\" data-settings=\"{&quot;background_background&quot;:&quot;classic&quot;}\">\n\t\t\t\t<div class=\"elementor-element elementor-element-9ce8225 elementor-widget elementor-widget-heading\" data-id=\"9ce8225\" data-element_type=\"widget\" data-widget_type=\"heading.default\">\n\t\t\t\t<div class=\"elementor-widget-container\">\n\t\t\t\t\t<h2 class=\"elementor-heading-title elementor-size-default\">\u201eIch liebe was ich tue \u2013 und genau das wirst du erleben.\u201c<\/h2>\t\t\t\t<\/div>\n\t\t\t\t<\/div>\n\t\t\t\t<\/div>\n\t\t\t\t\t<\/div>\n\t\t\t\t<\/div>\n\t\t<div class=\"elementor-element elementor-element-2866670 e-flex e-con-boxed e-con e-parent\" data-id=\"2866670\" data-element_type=\"container\">\n\t\t\t\t\t<div class=\"e-con-inner\">\n\t\t\t\t<div class=\"elementor-element elementor-element-8792b82 elementor-widget elementor-widget-spacer\" data-id=\"8792b82\" data-element_type=\"widget\" data-widget_type=\"spacer.default\">\n\t\t\t\t<div class=\"elementor-widget-container\">\n\t\t\t\t\t\t\t<div class=\"elementor-spacer\">\n\t\t\t<div class=\"elementor-spacer-inner\"><\/div>\n\t\t<\/div>\n\t\t\t\t\t\t<\/div>\n\t\t\t\t<\/div>\n\t\t\t\t\t<\/div>\n\t\t\t\t<\/div>\n\t\t<div class=\"elementor-element elementor-element-eb71c8d e-flex e-con-boxed e-con e-parent\" data-id=\"eb71c8d\" data-element_type=\"container\">\n\t\t\t\t\t<div class=\"e-con-inner\">\n\t\t\t\t<div class=\"elementor-element elementor-element-a936280 elementor-widget elementor-widget-heading\" data-id=\"a936280\" data-element_type=\"widget\" data-widget_type=\"heading.default\">\n\t\t\t\t<div class=\"elementor-widget-container\">\n\t\t\t\t\t<h1 class=\"elementor-heading-title elementor-size-default\">Mein\n<span style=\"color:#877057;font-style:italic\">Werdegang <\/span>&nbsp; <\/h1>\t\t\t\t<\/div>\n\t\t\t\t<\/div>\n\t\t\t\t<div class=\"elementor-element elementor-element-1637fe6 elementor-widget elementor-widget-text-editor\" data-id=\"1637fe6\" data-element_type=\"widget\" data-widget_type=\"text-editor.default\">\n\t\t\t\t<div class=\"elementor-widget-container\">\n\t\t\t\t\t\t\t\t\t<p>F\u00fcr mich ist mein Beruf nicht nur eine Arbeit, sondern eine Leidenschaft. Sch\u00f6nheit bedeutet mehr als nur gepflegte Haut \u2013 es geht darum, sich wohlzuf\u00fchlen, zu strahlen und die eigene nat\u00fcrliche Ausstrahlung zu unterstreichen.<\/p><p>Meine Reise begann in Bocholt, f\u00fchrte mich nach Ramsdorf und schlie\u00dflich nach Borken, wo ich 30 Jahre lang als selbstst\u00e4ndige Kosmetikerin in der Parf\u00fcmerie Pieper t\u00e4tig war. Dort durfte ich viele wunderbare Kunden begleiten, ihre Haut \u00fcber Jahre hinweg verstehen, auf ihre individuellen Bed\u00fcrfnisse eingehen und mein Fachwissen stetig erweitern. Die pers\u00f6nliche Beratung und die individuellen Bed\u00fcrfnisse meiner Kunden standen f\u00fcr mich dabei immer im Mittelpunkt.<\/p><p>Mit der Zeit wuchs in mir der Wunsch, etwas Eigenes zu schaffen \u2013 einen Ort, an dem Sch\u00f6nheit auf Pers\u00f6nlichkeit trifft, an dem ich meine Kunden noch individueller betreuen kann. W\u00e4hrend der Corona-Zeit wurde aus diesem Traum Realit\u00e4t: Gemeinsam mit Meike entstand das <strong>Nani Loft<\/strong>.<\/p><p>Hier vereine ich meine jahrzehntelange Erfahrung mit einem exklusiven Konzept \u2013 individuell angepasste Behandlungen, hochwertige Produkte und eine Atmosph\u00e4re, in der du dich rundum wohlf\u00fchlen kannst. <strong>Ich liebe was ich tue \u2013 und genau das wirst du erleben<\/strong>.<\/p>\t\t\t\t\t\t\t\t<\/div>\n\t\t\t\t<\/div>\n\t\t\t\t\t<\/div>\n\t\t\t\t<\/div>\n\t\t\t\t<\/div>\n\t\t","protected":false},"excerpt":{"rendered":"<p>\u201eIch liebe was ich tue \u2013 und genau das wirst du erleben.\u201c Mein Werdegang &nbsp; F\u00fcr mich ist mein Beruf nicht nur eine Arbeit, sondern eine Leidenschaft. Sch\u00f6nheit bedeutet mehr als nur gepflegte Haut \u2013 es geht darum, sich wohlzuf\u00fchlen, zu strahlen und die eigene nat\u00fcrliche Ausstrahlung zu unterstreichen. Meine Reise begann in Bocholt, f\u00fchrte [&hellip;]<\/p>\n","protected":false},"author":1,"featured_media":0,"parent":0,"menu_order":0,"comment_status":"closed","ping_status":"closed","template":"","meta":{"footnotes":""},"class_list":["post-379","page","type-page","status-publish","hentry"],"_links":{"self":[{"href":"https:\/\/naniloft.innovative-lab.de\/index.php\/wp-json\/wp\/v2\/pages\/379","targetHints":{"allow":["GET"]}}],"collection":[{"href":"https:\/\/naniloft.innovative-lab.de\/index.php\/wp-json\/wp\/v2\/pages"}],"about":[{"href":"https:\/\/naniloft.innovative-lab.de\/index.php\/wp-json\/wp\/v2\/types\/page"}],"author":[{"embeddable":true,"href":"https:\/\/naniloft.innovative-lab.de\/index.php\/wp-json\/wp\/v2\/users\/1"}],"replies":[{"embeddable":true,"href":"https:\/\/naniloft.innovative-lab.de\/index.php\/wp-json\/wp\/v2\/comments?post=379"}],"version-history":[{"count":52,"href":"https:\/\/naniloft.innovative-lab.de\/index.php\/wp-json\/wp\/v2\/pages\/379\/revisions"}],"predecessor-version":[{"id":1177,"href":"https:\/\/naniloft.innovative-lab.de\/index.php\/wp-json\/wp\/v2\/pages\/379\/revisions\/1177"}],"wp:attachment":[{"href":"https:\/\/naniloft.innovative-lab.de\/index.php\/wp-json\/wp\/v2\/media?parent=379"}],"curies":[{"name":"wp","href":"https:\/\/api.w.org\/{rel}","templated":true}]}}